{"id":5022,"date":"2016-02-23T09:32:29","date_gmt":"2016-02-23T08:32:29","guid":{"rendered":"http:\/\/futurelab-aachen.de\/event\/finnland-goes-germany-2\/"},"modified":"2016-02-23T09:32:29","modified_gmt":"2016-02-23T08:32:29","slug":"finnland-goes-germany","status":"publish","type":"tribe_events","link":"https:\/\/futurelab-aachen.de\/en\/event\/finnland-goes-germany\/","title":{"rendered":"Importierte IT-L\u00f6sungen"},"content":{"rendered":"<p>Experten aus acht finnischen Unternehmen kommen nach Aachen, um \u00fcber &#8220;Finnische IT- und Smart Service-L\u00f6sungen f\u00fcr die digitalen Herausforderungen der Industrie 4.0&#8221; zu referieren.<\/p>\n<p>Das Vortragsprogramm richtet sich an alle, die sich im Umfeld von IoT, Industrie 4.0 bewegen und\/oder die Gesch\u00e4ftsbeziehungen in den finnischen Raum aufbauen bzw. intensivieren m\u00f6chten. Neben einem Vortragsprogramm gibt es ausreichend Gelegenheit zum Networking.<\/p>\n<p>Teilnehmerfirmen aus Finnland sind BaseN, GlobalSign, Haltian Ltd, ionSign, Oliotalo, Quuppa und Wirepas.<br \/>\nVortragen werden beispielsweise Prof. Dr. Axel Sikora, Hochschule Offenburg und Vorstandsmitglied der M2M Alliance, Technisches Forschungszentrums Finnland (VTT).<\/p>\n<p>Um eine Anmeldung wird gebeten unter:<br \/>\n<a href=\"mailto:zielenbach@tema.de\">zielenbach@tema.de<\/a><br \/>\noder: 0241 \/ 88970-620<\/p>\n<p>Weitere Infos <a href=\"http:\/\/www.m2m-alliance.com\/presse\/termine\/newsansicht-termine\/-\/2016\/03\/02\/finnland-goes-germany-finnische-it-experten-zu-gast-in-aachen-02-maerz-2016\/\" target=\"_blank\">hier<\/a><\/p>\n","protected":false},"excerpt":{"rendered":"<p>Experten aus acht finnischen Unternehmen kommen nach Aachen, um \u00fcber &#8220;Finnische IT- und Smart Service-L\u00f6sungen f\u00fcr die digitalen [&hellip;]<\/p>\n","protected":false},"author":7,"featured_media":3568,"template":"","meta":{"_acf_changed":false,"_lmt_disableupdate":"","_lmt_disable":"","_tribe_events_status":"","_tribe_events_status_reason":"","footnotes":""},"tags":[],"tribe_events_cat":[85],"class_list":["post-5022","tribe_events","type-tribe_events","status-publish","has-post-thumbnail","hentry","tribe_events_cat-vorlesung-en","cat_vorlesung-en"],"acf":[],"yoast_head":"<!-- This site is optimized with the Yoast SEO plugin v26.9 - https:\/\/yoast.com\/product\/yoast-seo-wordpress\/ -->\n<title>Importierte IT-L\u00f6sungen - Future Lab Aachen<\/title>\n<meta name=\"robots\" content=\"index, follow, max-snippet:-1, max-image-preview:large, max-video-preview:-1\" \/>\n<link rel=\"canonical\" href=\"https:\/\/futurelab-aachen.de\/en\/event\/finnland-goes-germany\/\" \/>\n<meta property=\"og:locale\" content=\"en_US\" \/>\n<meta property=\"og:type\" content=\"article\" \/>\n<meta property=\"og:title\" content=\"Importierte IT-L\u00f6sungen - Future Lab Aachen\" \/>\n<meta property=\"og:description\" content=\"Experten aus acht finnischen Unternehmen kommen nach Aachen, um \u00fcber &#8220;Finnische IT- und Smart Service-L\u00f6sungen f\u00fcr die digitalen [&hellip;]\" \/>\n<meta property=\"og:url\" content=\"https:\/\/futurelab-aachen.de\/en\/event\/finnland-goes-germany\/\" \/>\n<meta property=\"og:site_name\" content=\"Future Lab Aachen\" \/>\n<meta property=\"og:image\" content=\"https:\/\/futurelab-aachen.de\/wp-content\/uploads\/2016\/01\/Wissenschaftsjahr_Illus_Flapp_Vortrag.jpg\" \/>\n\t<meta property=\"og:image:width\" content=\"720\" \/>\n\t<meta property=\"og:image:height\" content=\"480\" \/>\n\t<meta property=\"og:image:type\" content=\"image\/jpeg\" \/>\n<meta name=\"twitter:card\" content=\"summary_large_image\" \/>\n<meta name=\"twitter:label1\" content=\"Est. reading time\" \/>\n\t<meta name=\"twitter:data1\" content=\"1 minute\" \/>\n<script type=\"application\/ld+json\" class=\"yoast-schema-graph\">{\"@context\":\"https:\/\/schema.org\",\"@graph\":[{\"@type\":\"WebPage\",\"@id\":\"https:\/\/futurelab-aachen.de\/en\/event\/finnland-goes-germany\/\",\"url\":\"https:\/\/futurelab-aachen.de\/en\/event\/finnland-goes-germany\/\",\"name\":\"Importierte IT-L\u00f6sungen - Future Lab Aachen\",\"isPartOf\":{\"@id\":\"https:\/\/futurelab-aachen.de\/#website\"},\"primaryImageOfPage\":{\"@id\":\"https:\/\/futurelab-aachen.de\/en\/event\/finnland-goes-germany\/#primaryimage\"},\"image\":{\"@id\":\"https:\/\/futurelab-aachen.de\/en\/event\/finnland-goes-germany\/#primaryimage\"},\"thumbnailUrl\":\"https:\/\/futurelab-aachen.de\/wp-content\/uploads\/2016\/01\/Wissenschaftsjahr_Illus_Flapp_Vortrag.jpg\",\"datePublished\":\"2016-02-23T08:32:29+00:00\",\"breadcrumb\":{\"@id\":\"https:\/\/futurelab-aachen.de\/en\/event\/finnland-goes-germany\/#breadcrumb\"},\"inLanguage\":\"en-US\",\"potentialAction\":[{\"@type\":\"ReadAction\",\"target\":[\"https:\/\/futurelab-aachen.de\/en\/event\/finnland-goes-germany\/\"]}]},{\"@type\":\"ImageObject\",\"inLanguage\":\"en-US\",\"@id\":\"https:\/\/futurelab-aachen.de\/en\/event\/finnland-goes-germany\/#primaryimage\",\"url\":\"https:\/\/futurelab-aachen.de\/wp-content\/uploads\/2016\/01\/Wissenschaftsjahr_Illus_Flapp_Vortrag.jpg\",\"contentUrl\":\"https:\/\/futurelab-aachen.de\/wp-content\/uploads\/2016\/01\/Wissenschaftsjahr_Illus_Flapp_Vortrag.jpg\",\"width\":720,\"height\":480,\"caption\":\"agentur wesentlich_Logo Future Lab\"},{\"@type\":\"BreadcrumbList\",\"@id\":\"https:\/\/futurelab-aachen.de\/en\/event\/finnland-goes-germany\/#breadcrumb\",\"itemListElement\":[{\"@type\":\"ListItem\",\"position\":1,\"name\":\"Startseite\",\"item\":\"https:\/\/futurelab-aachen.de\/en\/\"},{\"@type\":\"ListItem\",\"position\":2,\"name\":\"Veranstaltungen\",\"item\":\"https:\/\/futurelab-aachen.de\/event\/\"},{\"@type\":\"ListItem\",\"position\":3,\"name\":\"Importierte IT-L\u00f6sungen\"}]},{\"@type\":\"WebSite\",\"@id\":\"https:\/\/futurelab-aachen.de\/#website\",\"url\":\"https:\/\/futurelab-aachen.de\/\",\"name\":\"Future Lab Aachen\",\"description\":\"Kunst des Fortschritts\",\"publisher\":{\"@id\":\"https:\/\/futurelab-aachen.de\/#organization\"},\"potentialAction\":[{\"@type\":\"SearchAction\",\"target\":{\"@type\":\"EntryPoint\",\"urlTemplate\":\"https:\/\/futurelab-aachen.de\/?s={search_term_string}\"},\"query-input\":{\"@type\":\"PropertyValueSpecification\",\"valueRequired\":true,\"valueName\":\"search_term_string\"}}],\"inLanguage\":\"en-US\"},{\"@type\":\"Organization\",\"@id\":\"https:\/\/futurelab-aachen.de\/#organization\",\"name\":\"Future Lab Aachen\",\"url\":\"https:\/\/futurelab-aachen.de\/\",\"logo\":{\"@type\":\"ImageObject\",\"inLanguage\":\"en-US\",\"@id\":\"https:\/\/futurelab-aachen.de\/#\/schema\/logo\/image\/\",\"url\":\"\",\"contentUrl\":\"\",\"caption\":\"Future Lab Aachen\"},\"image\":{\"@id\":\"https:\/\/futurelab-aachen.de\/#\/schema\/logo\/image\/\"}}]}<\/script>\n<!-- \/ Yoast SEO plugin. -->","yoast_head_json":{"title":"Importierte IT-L\u00f6sungen - Future Lab Aachen","robots":{"index":"index","follow":"follow","max-snippet":"max-snippet:-1","max-image-preview":"max-image-preview:large","max-video-preview":"max-video-preview:-1"},"canonical":"https:\/\/futurelab-aachen.de\/en\/event\/finnland-goes-germany\/","og_locale":"en_US","og_type":"article","og_title":"Importierte IT-L\u00f6sungen - Future Lab Aachen","og_description":"Experten aus acht finnischen Unternehmen kommen nach Aachen, um \u00fcber &#8220;Finnische IT- und Smart Service-L\u00f6sungen f\u00fcr die digitalen [&hellip;]","og_url":"https:\/\/futurelab-aachen.de\/en\/event\/finnland-goes-germany\/","og_site_name":"Future Lab Aachen","og_image":[{"width":720,"height":480,"url":"https:\/\/futurelab-aachen.de\/wp-content\/uploads\/2016\/01\/Wissenschaftsjahr_Illus_Flapp_Vortrag.jpg","type":"image\/jpeg"}],"twitter_card":"summary_large_image","twitter_misc":{"Est. reading time":"1 minute"},"schema":{"@context":"https:\/\/schema.org","@graph":[{"@type":"WebPage","@id":"https:\/\/futurelab-aachen.de\/en\/event\/finnland-goes-germany\/","url":"https:\/\/futurelab-aachen.de\/en\/event\/finnland-goes-germany\/","name":"Importierte IT-L\u00f6sungen - Future Lab Aachen","isPartOf":{"@id":"https:\/\/futurelab-aachen.de\/#website"},"primaryImageOfPage":{"@id":"https:\/\/futurelab-aachen.de\/en\/event\/finnland-goes-germany\/#primaryimage"},"image":{"@id":"https:\/\/futurelab-aachen.de\/en\/event\/finnland-goes-germany\/#primaryimage"},"thumbnailUrl":"https:\/\/futurelab-aachen.de\/wp-content\/uploads\/2016\/01\/Wissenschaftsjahr_Illus_Flapp_Vortrag.jpg","datePublished":"2016-02-23T08:32:29+00:00","breadcrumb":{"@id":"https:\/\/futurelab-aachen.de\/en\/event\/finnland-goes-germany\/#breadcrumb"},"inLanguage":"en-US","potentialAction":[{"@type":"ReadAction","target":["https:\/\/futurelab-aachen.de\/en\/event\/finnland-goes-germany\/"]}]},{"@type":"ImageObject","inLanguage":"en-US","@id":"https:\/\/futurelab-aachen.de\/en\/event\/finnland-goes-germany\/#primaryimage","url":"https:\/\/futurelab-aachen.de\/wp-content\/uploads\/2016\/01\/Wissenschaftsjahr_Illus_Flapp_Vortrag.jpg","contentUrl":"https:\/\/futurelab-aachen.de\/wp-content\/uploads\/2016\/01\/Wissenschaftsjahr_Illus_Flapp_Vortrag.jpg","width":720,"height":480,"caption":"agentur wesentlich_Logo Future Lab"},{"@type":"BreadcrumbList","@id":"https:\/\/futurelab-aachen.de\/en\/event\/finnland-goes-germany\/#breadcrumb","itemListElement":[{"@type":"ListItem","position":1,"name":"Startseite","item":"https:\/\/futurelab-aachen.de\/en\/"},{"@type":"ListItem","position":2,"name":"Veranstaltungen","item":"https:\/\/futurelab-aachen.de\/event\/"},{"@type":"ListItem","position":3,"name":"Importierte IT-L\u00f6sungen"}]},{"@type":"WebSite","@id":"https:\/\/futurelab-aachen.de\/#website","url":"https:\/\/futurelab-aachen.de\/","name":"Future Lab Aachen","description":"Kunst des Fortschritts","publisher":{"@id":"https:\/\/futurelab-aachen.de\/#organization"},"potentialAction":[{"@type":"SearchAction","target":{"@type":"EntryPoint","urlTemplate":"https:\/\/futurelab-aachen.de\/?s={search_term_string}"},"query-input":{"@type":"PropertyValueSpecification","valueRequired":true,"valueName":"search_term_string"}}],"inLanguage":"en-US"},{"@type":"Organization","@id":"https:\/\/futurelab-aachen.de\/#organization","name":"Future Lab Aachen","url":"https:\/\/futurelab-aachen.de\/","logo":{"@type":"ImageObject","inLanguage":"en-US","@id":"https:\/\/futurelab-aachen.de\/#\/schema\/logo\/image\/","url":"","contentUrl":"","caption":"Future Lab Aachen"},"image":{"@id":"https:\/\/futurelab-aachen.de\/#\/schema\/logo\/image\/"}}]}},"_links":{"self":[{"href":"https:\/\/futurelab-aachen.de\/en\/wp-json\/wp\/v2\/tribe_events\/5022","targetHints":{"allow":["GET"]}}],"collection":[{"href":"https:\/\/futurelab-aachen.de\/en\/wp-json\/wp\/v2\/tribe_events"}],"about":[{"href":"https:\/\/futurelab-aachen.de\/en\/wp-json\/wp\/v2\/types\/tribe_events"}],"author":[{"embeddable":true,"href":"https:\/\/futurelab-aachen.de\/en\/wp-json\/wp\/v2\/users\/7"}],"version-history":[{"count":0,"href":"https:\/\/futurelab-aachen.de\/en\/wp-json\/wp\/v2\/tribe_events\/5022\/revisions"}],"wp:featuredmedia":[{"embeddable":true,"href":"https:\/\/futurelab-aachen.de\/en\/wp-json\/wp\/v2\/media\/3568"}],"wp:attachment":[{"href":"https:\/\/futurelab-aachen.de\/en\/wp-json\/wp\/v2\/media?parent=5022"}],"wp:term":[{"taxonomy":"post_tag","embeddable":true,"href":"https:\/\/futurelab-aachen.de\/en\/wp-json\/wp\/v2\/tags?post=5022"},{"taxonomy":"tribe_events_cat","embeddable":true,"href":"https:\/\/futurelab-aachen.de\/en\/wp-json\/wp\/v2\/tribe_events_cat?post=5022"}],"curies":[{"name":"wp","href":"https:\/\/api.w.org\/{rel}","templated":true}]}}