{"id":5033,"date":"2016-02-04T09:38:08","date_gmt":"2016-02-04T08:38:08","guid":{"rendered":"http:\/\/futurelab-aachen.de\/event\/die-digitalisierung-der-stadt-2-2\/"},"modified":"2016-02-04T09:38:08","modified_gmt":"2016-02-04T08:38:08","slug":"die-digitalisierung-der-stadt-2","status":"publish","type":"tribe_events","link":"https:\/\/futurelab-aachen.de\/en\/event\/die-digitalisierung-der-stadt-2\/","title":{"rendered":"Smart Mobility"},"content":{"rendered":"<p>Wie mobil und smart k\u00f6nnen Aachens Verkehrsteilnehmer in Zukunft sein und welche Potentiale bietet die Wissenschaftsstadt hierf\u00fcr? Der Themenabend &#8220;Smarte Mobilit\u00e4t&#8221; des F\u00f6rdervereins &#8220;aachen fenster_raum f\u00fcr bauen und kultur&#8221; geht der Frage nach, ob sich die Zahl der Autos auf den Stra\u00dfen und somit auch der CO<sub>2<\/sub>-Aussto\u00df reduzieren, wenn alle nur noch per Handy Fahrten auf einer Plattform ordern, statt selbst zu fahren.<\/p>\n<p>Verkehrsexperten referieren \u00fcber Nachhaltigkeit und Verkehr, autonomes Fahren und Pedelecs und skizzieren Mobilit\u00e4ts-Szenarien.<\/p>\n<p>Die Vortragenden sind:<br \/>\n&#8211; Ulrich Jansen, Wuppertal Institut f\u00fcr Klima, Umwelt und Energie<br \/>\n&#8211; Dr.-Ing. Adrian Zlocki, Bereichsleiter Fahrerassistenz am ika &#8211; Institut f\u00fcr Kraftfahrzeuge, RWTH Aachen<br \/>\n&#8211; Dennis Brinckmann, Gesch\u00e4ftsf\u00fchrer der Velocity Aachen UG<br \/>\n&#8211; Uwe M\u00fcller, Abteilungsleiter, stv. Fachbereichsleiter im Dezernat III &#8211; Planung, Stadt Aachen<br \/>\n&#8211; J\u00f6rg Hamel, Vorsitzender der Verbandsversammlung Zweckverband Aachener Verkehrsverbund.<\/p>\n<p>Eine Veranstaltung der Reihe &#8220;Die Digitalisierung der Stadt \u2013 wie viel Smartness will sich Aachen leisten?&#8221;, die sich mit den Auswirkungen besch\u00e4ftigt, die technische Neuerungen auf das urbane Leben und den Stadtraum haben.<\/p>\n<p>Der Eintritt ist frei.<\/p>\n<p><a href=\"https:\/\/futurelab-aachen.de\/wp-content\/uploads\/2016\/02\/Infoblatt_aachen-fenster_Smart-Mobility.pdf\" target=\"_blank\">Mehr im Flyer Smart Mobility <\/a>oder auf der <a href=\"http:\/\/www.aachenfenster.de\/\" target=\"_blank\">Webseite<\/a><\/p>\n","protected":false},"excerpt":{"rendered":"<p>Wie mobil und smart k\u00f6nnen Aachens Verkehrsteilnehmer in Zukunft sein und welche Potentiale bietet die Wissenschaftsstadt hierf\u00fcr? Der [&hellip;]<\/p>\n","protected":false},"author":7,"featured_media":4169,"template":"","meta":{"_acf_changed":false,"_lmt_disableupdate":"","_lmt_disable":"","_tribe_events_status":"","_tribe_events_status_reason":"","footnotes":""},"tags":[],"tribe_events_cat":[85],"class_list":["post-5033","tribe_events","type-tribe_events","status-publish","has-post-thumbnail","hentry","tribe_events_cat-vorlesung-en","cat_vorlesung-en"],"acf":[],"yoast_head":"<!-- This site is optimized with the Yoast SEO plugin v26.9 - https:\/\/yoast.com\/product\/yoast-seo-wordpress\/ -->\n<title>Smart Mobility - Future Lab Aachen<\/title>\n<meta name=\"robots\" content=\"index, follow, max-snippet:-1, max-image-preview:large, max-video-preview:-1\" \/>\n<link rel=\"canonical\" href=\"https:\/\/futurelab-aachen.de\/en\/event\/die-digitalisierung-der-stadt-2\/\" \/>\n<meta property=\"og:locale\" content=\"en_US\" \/>\n<meta property=\"og:type\" content=\"article\" \/>\n<meta property=\"og:title\" content=\"Smart Mobility - Future Lab Aachen\" \/>\n<meta property=\"og:description\" content=\"Wie mobil und smart k\u00f6nnen Aachens Verkehrsteilnehmer in Zukunft sein und welche Potentiale bietet die Wissenschaftsstadt hierf\u00fcr? Der [&hellip;]\" \/>\n<meta property=\"og:url\" content=\"https:\/\/futurelab-aachen.de\/en\/event\/die-digitalisierung-der-stadt-2\/\" \/>\n<meta property=\"og:site_name\" content=\"Future Lab Aachen\" \/>\n<meta property=\"og:image\" content=\"https:\/\/futurelab-aachen.de\/wp-content\/uploads\/2016\/02\/aachen-fenster.jpg\" \/>\n\t<meta property=\"og:image:width\" content=\"2560\" \/>\n\t<meta property=\"og:image:height\" content=\"1600\" \/>\n\t<meta property=\"og:image:type\" content=\"image\/jpeg\" \/>\n<meta name=\"twitter:card\" content=\"summary_large_image\" \/>\n<meta name=\"twitter:label1\" content=\"Est. reading time\" \/>\n\t<meta name=\"twitter:data1\" content=\"1 minute\" \/>\n<script type=\"application\/ld+json\" class=\"yoast-schema-graph\">{\"@context\":\"https:\/\/schema.org\",\"@graph\":[{\"@type\":\"WebPage\",\"@id\":\"https:\/\/futurelab-aachen.de\/en\/event\/die-digitalisierung-der-stadt-2\/\",\"url\":\"https:\/\/futurelab-aachen.de\/en\/event\/die-digitalisierung-der-stadt-2\/\",\"name\":\"Smart Mobility - Future Lab Aachen\",\"isPartOf\":{\"@id\":\"https:\/\/futurelab-aachen.de\/#website\"},\"primaryImageOfPage\":{\"@id\":\"https:\/\/futurelab-aachen.de\/en\/event\/die-digitalisierung-der-stadt-2\/#primaryimage\"},\"image\":{\"@id\":\"https:\/\/futurelab-aachen.de\/en\/event\/die-digitalisierung-der-stadt-2\/#primaryimage\"},\"thumbnailUrl\":\"https:\/\/futurelab-aachen.de\/wp-content\/uploads\/2016\/02\/aachen-fenster.jpg\",\"datePublished\":\"2016-02-04T08:38:08+00:00\",\"breadcrumb\":{\"@id\":\"https:\/\/futurelab-aachen.de\/en\/event\/die-digitalisierung-der-stadt-2\/#breadcrumb\"},\"inLanguage\":\"en-US\",\"potentialAction\":[{\"@type\":\"ReadAction\",\"target\":[\"https:\/\/futurelab-aachen.de\/en\/event\/die-digitalisierung-der-stadt-2\/\"]}]},{\"@type\":\"ImageObject\",\"inLanguage\":\"en-US\",\"@id\":\"https:\/\/futurelab-aachen.de\/en\/event\/die-digitalisierung-der-stadt-2\/#primaryimage\",\"url\":\"https:\/\/futurelab-aachen.de\/wp-content\/uploads\/2016\/02\/aachen-fenster.jpg\",\"contentUrl\":\"https:\/\/futurelab-aachen.de\/wp-content\/uploads\/2016\/02\/aachen-fenster.jpg\",\"width\":2080,\"height\":1300,\"caption\":\"aachen fenster\"},{\"@type\":\"BreadcrumbList\",\"@id\":\"https:\/\/futurelab-aachen.de\/en\/event\/die-digitalisierung-der-stadt-2\/#breadcrumb\",\"itemListElement\":[{\"@type\":\"ListItem\",\"position\":1,\"name\":\"Startseite\",\"item\":\"https:\/\/futurelab-aachen.de\/en\/\"},{\"@type\":\"ListItem\",\"position\":2,\"name\":\"Veranstaltungen\",\"item\":\"https:\/\/futurelab-aachen.de\/event\/\"},{\"@type\":\"ListItem\",\"position\":3,\"name\":\"Smart Mobility\"}]},{\"@type\":\"WebSite\",\"@id\":\"https:\/\/futurelab-aachen.de\/#website\",\"url\":\"https:\/\/futurelab-aachen.de\/\",\"name\":\"Future Lab Aachen\",\"description\":\"Kunst des Fortschritts\",\"publisher\":{\"@id\":\"https:\/\/futurelab-aachen.de\/#organization\"},\"potentialAction\":[{\"@type\":\"SearchAction\",\"target\":{\"@type\":\"EntryPoint\",\"urlTemplate\":\"https:\/\/futurelab-aachen.de\/?s={search_term_string}\"},\"query-input\":{\"@type\":\"PropertyValueSpecification\",\"valueRequired\":true,\"valueName\":\"search_term_string\"}}],\"inLanguage\":\"en-US\"},{\"@type\":\"Organization\",\"@id\":\"https:\/\/futurelab-aachen.de\/#organization\",\"name\":\"Future Lab Aachen\",\"url\":\"https:\/\/futurelab-aachen.de\/\",\"logo\":{\"@type\":\"ImageObject\",\"inLanguage\":\"en-US\",\"@id\":\"https:\/\/futurelab-aachen.de\/#\/schema\/logo\/image\/\",\"url\":\"\",\"contentUrl\":\"\",\"caption\":\"Future Lab Aachen\"},\"image\":{\"@id\":\"https:\/\/futurelab-aachen.de\/#\/schema\/logo\/image\/\"}}]}<\/script>\n<!-- \/ Yoast SEO plugin. -->","yoast_head_json":{"title":"Smart Mobility - Future Lab Aachen","robots":{"index":"index","follow":"follow","max-snippet":"max-snippet:-1","max-image-preview":"max-image-preview:large","max-video-preview":"max-video-preview:-1"},"canonical":"https:\/\/futurelab-aachen.de\/en\/event\/die-digitalisierung-der-stadt-2\/","og_locale":"en_US","og_type":"article","og_title":"Smart Mobility - Future Lab Aachen","og_description":"Wie mobil und smart k\u00f6nnen Aachens Verkehrsteilnehmer in Zukunft sein und welche Potentiale bietet die Wissenschaftsstadt hierf\u00fcr? Der [&hellip;]","og_url":"https:\/\/futurelab-aachen.de\/en\/event\/die-digitalisierung-der-stadt-2\/","og_site_name":"Future Lab Aachen","og_image":[{"width":2560,"height":1600,"url":"https:\/\/futurelab-aachen.de\/wp-content\/uploads\/2016\/02\/aachen-fenster.jpg","type":"image\/jpeg"}],"twitter_card":"summary_large_image","twitter_misc":{"Est. reading time":"1 minute"},"schema":{"@context":"https:\/\/schema.org","@graph":[{"@type":"WebPage","@id":"https:\/\/futurelab-aachen.de\/en\/event\/die-digitalisierung-der-stadt-2\/","url":"https:\/\/futurelab-aachen.de\/en\/event\/die-digitalisierung-der-stadt-2\/","name":"Smart Mobility - Future Lab Aachen","isPartOf":{"@id":"https:\/\/futurelab-aachen.de\/#website"},"primaryImageOfPage":{"@id":"https:\/\/futurelab-aachen.de\/en\/event\/die-digitalisierung-der-stadt-2\/#primaryimage"},"image":{"@id":"https:\/\/futurelab-aachen.de\/en\/event\/die-digitalisierung-der-stadt-2\/#primaryimage"},"thumbnailUrl":"https:\/\/futurelab-aachen.de\/wp-content\/uploads\/2016\/02\/aachen-fenster.jpg","datePublished":"2016-02-04T08:38:08+00:00","breadcrumb":{"@id":"https:\/\/futurelab-aachen.de\/en\/event\/die-digitalisierung-der-stadt-2\/#breadcrumb"},"inLanguage":"en-US","potentialAction":[{"@type":"ReadAction","target":["https:\/\/futurelab-aachen.de\/en\/event\/die-digitalisierung-der-stadt-2\/"]}]},{"@type":"ImageObject","inLanguage":"en-US","@id":"https:\/\/futurelab-aachen.de\/en\/event\/die-digitalisierung-der-stadt-2\/#primaryimage","url":"https:\/\/futurelab-aachen.de\/wp-content\/uploads\/2016\/02\/aachen-fenster.jpg","contentUrl":"https:\/\/futurelab-aachen.de\/wp-content\/uploads\/2016\/02\/aachen-fenster.jpg","width":2080,"height":1300,"caption":"aachen fenster"},{"@type":"BreadcrumbList","@id":"https:\/\/futurelab-aachen.de\/en\/event\/die-digitalisierung-der-stadt-2\/#breadcrumb","itemListElement":[{"@type":"ListItem","position":1,"name":"Startseite","item":"https:\/\/futurelab-aachen.de\/en\/"},{"@type":"ListItem","position":2,"name":"Veranstaltungen","item":"https:\/\/futurelab-aachen.de\/event\/"},{"@type":"ListItem","position":3,"name":"Smart Mobility"}]},{"@type":"WebSite","@id":"https:\/\/futurelab-aachen.de\/#website","url":"https:\/\/futurelab-aachen.de\/","name":"Future Lab Aachen","description":"Kunst des Fortschritts","publisher":{"@id":"https:\/\/futurelab-aachen.de\/#organization"},"potentialAction":[{"@type":"SearchAction","target":{"@type":"EntryPoint","urlTemplate":"https:\/\/futurelab-aachen.de\/?s={search_term_string}"},"query-input":{"@type":"PropertyValueSpecification","valueRequired":true,"valueName":"search_term_string"}}],"inLanguage":"en-US"},{"@type":"Organization","@id":"https:\/\/futurelab-aachen.de\/#organization","name":"Future Lab Aachen","url":"https:\/\/futurelab-aachen.de\/","logo":{"@type":"ImageObject","inLanguage":"en-US","@id":"https:\/\/futurelab-aachen.de\/#\/schema\/logo\/image\/","url":"","contentUrl":"","caption":"Future Lab Aachen"},"image":{"@id":"https:\/\/futurelab-aachen.de\/#\/schema\/logo\/image\/"}}]}},"_links":{"self":[{"href":"https:\/\/futurelab-aachen.de\/en\/wp-json\/wp\/v2\/tribe_events\/5033","targetHints":{"allow":["GET"]}}],"collection":[{"href":"https:\/\/futurelab-aachen.de\/en\/wp-json\/wp\/v2\/tribe_events"}],"about":[{"href":"https:\/\/futurelab-aachen.de\/en\/wp-json\/wp\/v2\/types\/tribe_events"}],"author":[{"embeddable":true,"href":"https:\/\/futurelab-aachen.de\/en\/wp-json\/wp\/v2\/users\/7"}],"version-history":[{"count":0,"href":"https:\/\/futurelab-aachen.de\/en\/wp-json\/wp\/v2\/tribe_events\/5033\/revisions"}],"wp:featuredmedia":[{"embeddable":true,"href":"https:\/\/futurelab-aachen.de\/en\/wp-json\/wp\/v2\/media\/4169"}],"wp:attachment":[{"href":"https:\/\/futurelab-aachen.de\/en\/wp-json\/wp\/v2\/media?parent=5033"}],"wp:term":[{"taxonomy":"post_tag","embeddable":true,"href":"https:\/\/futurelab-aachen.de\/en\/wp-json\/wp\/v2\/tags?post=5033"},{"taxonomy":"tribe_events_cat","embeddable":true,"href":"https:\/\/futurelab-aachen.de\/en\/wp-json\/wp\/v2\/tribe_events_cat?post=5033"}],"curies":[{"name":"wp","href":"https:\/\/api.w.org\/{rel}","templated":true}]}}