{"id":5251,"date":"2015-12-30T12:38:34","date_gmt":"2015-12-30T11:38:34","guid":{"rendered":"http:\/\/futurelab-aachen.de\/event\/kolloquium-solarenergie-2\/"},"modified":"2015-12-30T12:38:34","modified_gmt":"2015-12-30T11:38:34","slug":"kolloquium-solarenergie","status":"publish","type":"tribe_events","link":"https:\/\/futurelab-aachen.de\/en\/event\/kolloquium-solarenergie\/","title":{"rendered":"Kolloquium Solarenergie"},"content":{"rendered":"<p>Das Energieforum Aachen e.V. l\u00e4dt dieses Semester zum Kolloquium Solarenergie ein. Mit Gastreferenten des DLR, des Forschungszentrum J\u00fclich und des ISEA Institut f\u00fcr Stromrichtertechnik und Elektrische Antriebe RWTH Aachen werden die unterschiedlichen Technologien diskutiert.<\/p>\n<p>Heute: &#8220;Trends in der Photovoltaik &#8211; Wie k\u00f6nnte die Solarzelle von morgen aussehen?&#8221;<br \/>\nReferent: Prof. Dr. Thomas Kirchartz, Forschungszentrum J\u00fclich<\/p>\n<p>Mehr Infos gibt es <a href=\"http:\/\/www.rwth-aachen.de\/cms\/root\/Die-RWTH\/Aktuell\/Veranstaltungen\/~jmhz\/Kolloquium-Solarenergie\/\" target=\"_blank\">hier <\/a><\/p>\n<p>&nbsp;<\/p>\n<p><a href=\"https:\/\/futurelab-aachen.de\/wp-content\/uploads\/2016\/01\/sw__0016_rwth_schwarz_grau_rgb.png\"><img decoding=\"async\" class=\"alignnone size-full wp-image-3087\" src=\"https:\/\/futurelab-aachen.de\/wp-content\/uploads\/2016\/01\/sw__0016_rwth_schwarz_grau_rgb.png\" alt=\"sw__0016_rwth_schwarz_grau_rgb\" width=\"212\" height=\"59\" \/><\/a><\/p>\n","protected":false},"excerpt":{"rendered":"<p>Das Energieforum Aachen e.V. l\u00e4dt dieses Semester zum Kolloquium Solarenergie ein. Mit Gastreferenten des DLR, des Forschungszentrum J\u00fclich [&hellip;]<\/p>\n","protected":false},"author":7,"featured_media":2695,"template":"","meta":{"_acf_changed":false,"_lmt_disableupdate":"","_lmt_disable":"","_tribe_events_status":"","_tribe_events_status_reason":"","footnotes":""},"tags":[],"tribe_events_cat":[85],"class_list":["post-5251","tribe_events","type-tribe_events","status-publish","has-post-thumbnail","hentry","tribe_events_cat-vorlesung-en","cat_vorlesung-en"],"acf":[],"yoast_head":"<!-- This site is optimized with the Yoast SEO plugin v26.9 - https:\/\/yoast.com\/product\/yoast-seo-wordpress\/ -->\n<title>Kolloquium Solarenergie - Future Lab Aachen<\/title>\n<meta name=\"robots\" content=\"index, follow, max-snippet:-1, max-image-preview:large, max-video-preview:-1\" \/>\n<link rel=\"canonical\" href=\"https:\/\/futurelab-aachen.de\/en\/event\/kolloquium-solarenergie\/\" \/>\n<meta property=\"og:locale\" content=\"en_US\" \/>\n<meta property=\"og:type\" content=\"article\" \/>\n<meta property=\"og:title\" content=\"Kolloquium Solarenergie - Future Lab Aachen\" \/>\n<meta property=\"og:description\" content=\"Das Energieforum Aachen e.V. l\u00e4dt dieses Semester zum Kolloquium Solarenergie ein. Mit Gastreferenten des DLR, des Forschungszentrum J\u00fclich [&hellip;]\" \/>\n<meta property=\"og:url\" content=\"https:\/\/futurelab-aachen.de\/en\/event\/kolloquium-solarenergie\/\" \/>\n<meta property=\"og:site_name\" content=\"Future Lab Aachen\" \/>\n<meta property=\"og:image\" content=\"https:\/\/futurelab-aachen.de\/wp-content\/uploads\/2015\/12\/20160127_Solarkolloquium_Energieforum-Aachen.jpg\" \/>\n\t<meta property=\"og:image:width\" content=\"2560\" \/>\n\t<meta property=\"og:image:height\" content=\"1920\" \/>\n\t<meta property=\"og:image:type\" content=\"image\/jpeg\" \/>\n<meta name=\"twitter:card\" content=\"summary_large_image\" \/>\n<script type=\"application\/ld+json\" class=\"yoast-schema-graph\">{\"@context\":\"https:\/\/schema.org\",\"@graph\":[{\"@type\":\"WebPage\",\"@id\":\"https:\/\/futurelab-aachen.de\/en\/event\/kolloquium-solarenergie\/\",\"url\":\"https:\/\/futurelab-aachen.de\/en\/event\/kolloquium-solarenergie\/\",\"name\":\"Kolloquium Solarenergie - Future Lab Aachen\",\"isPartOf\":{\"@id\":\"https:\/\/futurelab-aachen.de\/#website\"},\"primaryImageOfPage\":{\"@id\":\"https:\/\/futurelab-aachen.de\/en\/event\/kolloquium-solarenergie\/#primaryimage\"},\"image\":{\"@id\":\"https:\/\/futurelab-aachen.de\/en\/event\/kolloquium-solarenergie\/#primaryimage\"},\"thumbnailUrl\":\"https:\/\/futurelab-aachen.de\/wp-content\/uploads\/2015\/12\/20160127_Solarkolloquium_Energieforum-Aachen.jpg\",\"datePublished\":\"2015-12-30T11:38:34+00:00\",\"breadcrumb\":{\"@id\":\"https:\/\/futurelab-aachen.de\/en\/event\/kolloquium-solarenergie\/#breadcrumb\"},\"inLanguage\":\"en-US\",\"potentialAction\":[{\"@type\":\"ReadAction\",\"target\":[\"https:\/\/futurelab-aachen.de\/en\/event\/kolloquium-solarenergie\/\"]}]},{\"@type\":\"ImageObject\",\"inLanguage\":\"en-US\",\"@id\":\"https:\/\/futurelab-aachen.de\/en\/event\/kolloquium-solarenergie\/#primaryimage\",\"url\":\"https:\/\/futurelab-aachen.de\/wp-content\/uploads\/2015\/12\/20160127_Solarkolloquium_Energieforum-Aachen.jpg\",\"contentUrl\":\"https:\/\/futurelab-aachen.de\/wp-content\/uploads\/2015\/12\/20160127_Solarkolloquium_Energieforum-Aachen.jpg\",\"width\":2080,\"height\":1560,\"caption\":\"RWTH Aachen\"},{\"@type\":\"BreadcrumbList\",\"@id\":\"https:\/\/futurelab-aachen.de\/en\/event\/kolloquium-solarenergie\/#breadcrumb\",\"itemListElement\":[{\"@type\":\"ListItem\",\"position\":1,\"name\":\"Startseite\",\"item\":\"https:\/\/futurelab-aachen.de\/en\/\"},{\"@type\":\"ListItem\",\"position\":2,\"name\":\"Veranstaltungen\",\"item\":\"https:\/\/futurelab-aachen.de\/event\/\"},{\"@type\":\"ListItem\",\"position\":3,\"name\":\"Kolloquium Solarenergie\"}]},{\"@type\":\"WebSite\",\"@id\":\"https:\/\/futurelab-aachen.de\/#website\",\"url\":\"https:\/\/futurelab-aachen.de\/\",\"name\":\"Future Lab Aachen\",\"description\":\"Kunst des Fortschritts\",\"publisher\":{\"@id\":\"https:\/\/futurelab-aachen.de\/#organization\"},\"potentialAction\":[{\"@type\":\"SearchAction\",\"target\":{\"@type\":\"EntryPoint\",\"urlTemplate\":\"https:\/\/futurelab-aachen.de\/?s={search_term_string}\"},\"query-input\":{\"@type\":\"PropertyValueSpecification\",\"valueRequired\":true,\"valueName\":\"search_term_string\"}}],\"inLanguage\":\"en-US\"},{\"@type\":\"Organization\",\"@id\":\"https:\/\/futurelab-aachen.de\/#organization\",\"name\":\"Future Lab Aachen\",\"url\":\"https:\/\/futurelab-aachen.de\/\",\"logo\":{\"@type\":\"ImageObject\",\"inLanguage\":\"en-US\",\"@id\":\"https:\/\/futurelab-aachen.de\/#\/schema\/logo\/image\/\",\"url\":\"\",\"contentUrl\":\"\",\"caption\":\"Future Lab Aachen\"},\"image\":{\"@id\":\"https:\/\/futurelab-aachen.de\/#\/schema\/logo\/image\/\"}}]}<\/script>\n<!-- \/ Yoast SEO plugin. -->","yoast_head_json":{"title":"Kolloquium Solarenergie - Future Lab Aachen","robots":{"index":"index","follow":"follow","max-snippet":"max-snippet:-1","max-image-preview":"max-image-preview:large","max-video-preview":"max-video-preview:-1"},"canonical":"https:\/\/futurelab-aachen.de\/en\/event\/kolloquium-solarenergie\/","og_locale":"en_US","og_type":"article","og_title":"Kolloquium Solarenergie - Future Lab Aachen","og_description":"Das Energieforum Aachen e.V. l\u00e4dt dieses Semester zum Kolloquium Solarenergie ein. Mit Gastreferenten des DLR, des Forschungszentrum J\u00fclich [&hellip;]","og_url":"https:\/\/futurelab-aachen.de\/en\/event\/kolloquium-solarenergie\/","og_site_name":"Future Lab Aachen","og_image":[{"width":2560,"height":1920,"url":"https:\/\/futurelab-aachen.de\/wp-content\/uploads\/2015\/12\/20160127_Solarkolloquium_Energieforum-Aachen.jpg","type":"image\/jpeg"}],"twitter_card":"summary_large_image","schema":{"@context":"https:\/\/schema.org","@graph":[{"@type":"WebPage","@id":"https:\/\/futurelab-aachen.de\/en\/event\/kolloquium-solarenergie\/","url":"https:\/\/futurelab-aachen.de\/en\/event\/kolloquium-solarenergie\/","name":"Kolloquium Solarenergie - Future Lab Aachen","isPartOf":{"@id":"https:\/\/futurelab-aachen.de\/#website"},"primaryImageOfPage":{"@id":"https:\/\/futurelab-aachen.de\/en\/event\/kolloquium-solarenergie\/#primaryimage"},"image":{"@id":"https:\/\/futurelab-aachen.de\/en\/event\/kolloquium-solarenergie\/#primaryimage"},"thumbnailUrl":"https:\/\/futurelab-aachen.de\/wp-content\/uploads\/2015\/12\/20160127_Solarkolloquium_Energieforum-Aachen.jpg","datePublished":"2015-12-30T11:38:34+00:00","breadcrumb":{"@id":"https:\/\/futurelab-aachen.de\/en\/event\/kolloquium-solarenergie\/#breadcrumb"},"inLanguage":"en-US","potentialAction":[{"@type":"ReadAction","target":["https:\/\/futurelab-aachen.de\/en\/event\/kolloquium-solarenergie\/"]}]},{"@type":"ImageObject","inLanguage":"en-US","@id":"https:\/\/futurelab-aachen.de\/en\/event\/kolloquium-solarenergie\/#primaryimage","url":"https:\/\/futurelab-aachen.de\/wp-content\/uploads\/2015\/12\/20160127_Solarkolloquium_Energieforum-Aachen.jpg","contentUrl":"https:\/\/futurelab-aachen.de\/wp-content\/uploads\/2015\/12\/20160127_Solarkolloquium_Energieforum-Aachen.jpg","width":2080,"height":1560,"caption":"RWTH Aachen"},{"@type":"BreadcrumbList","@id":"https:\/\/futurelab-aachen.de\/en\/event\/kolloquium-solarenergie\/#breadcrumb","itemListElement":[{"@type":"ListItem","position":1,"name":"Startseite","item":"https:\/\/futurelab-aachen.de\/en\/"},{"@type":"ListItem","position":2,"name":"Veranstaltungen","item":"https:\/\/futurelab-aachen.de\/event\/"},{"@type":"ListItem","position":3,"name":"Kolloquium Solarenergie"}]},{"@type":"WebSite","@id":"https:\/\/futurelab-aachen.de\/#website","url":"https:\/\/futurelab-aachen.de\/","name":"Future Lab Aachen","description":"Kunst des Fortschritts","publisher":{"@id":"https:\/\/futurelab-aachen.de\/#organization"},"potentialAction":[{"@type":"SearchAction","target":{"@type":"EntryPoint","urlTemplate":"https:\/\/futurelab-aachen.de\/?s={search_term_string}"},"query-input":{"@type":"PropertyValueSpecification","valueRequired":true,"valueName":"search_term_string"}}],"inLanguage":"en-US"},{"@type":"Organization","@id":"https:\/\/futurelab-aachen.de\/#organization","name":"Future Lab Aachen","url":"https:\/\/futurelab-aachen.de\/","logo":{"@type":"ImageObject","inLanguage":"en-US","@id":"https:\/\/futurelab-aachen.de\/#\/schema\/logo\/image\/","url":"","contentUrl":"","caption":"Future Lab Aachen"},"image":{"@id":"https:\/\/futurelab-aachen.de\/#\/schema\/logo\/image\/"}}]}},"_links":{"self":[{"href":"https:\/\/futurelab-aachen.de\/en\/wp-json\/wp\/v2\/tribe_events\/5251","targetHints":{"allow":["GET"]}}],"collection":[{"href":"https:\/\/futurelab-aachen.de\/en\/wp-json\/wp\/v2\/tribe_events"}],"about":[{"href":"https:\/\/futurelab-aachen.de\/en\/wp-json\/wp\/v2\/types\/tribe_events"}],"author":[{"embeddable":true,"href":"https:\/\/futurelab-aachen.de\/en\/wp-json\/wp\/v2\/users\/7"}],"version-history":[{"count":0,"href":"https:\/\/futurelab-aachen.de\/en\/wp-json\/wp\/v2\/tribe_events\/5251\/revisions"}],"wp:featuredmedia":[{"embeddable":true,"href":"https:\/\/futurelab-aachen.de\/en\/wp-json\/wp\/v2\/media\/2695"}],"wp:attachment":[{"href":"https:\/\/futurelab-aachen.de\/en\/wp-json\/wp\/v2\/media?parent=5251"}],"wp:term":[{"taxonomy":"post_tag","embeddable":true,"href":"https:\/\/futurelab-aachen.de\/en\/wp-json\/wp\/v2\/tags?post=5251"},{"taxonomy":"tribe_events_cat","embeddable":true,"href":"https:\/\/futurelab-aachen.de\/en\/wp-json\/wp\/v2\/tribe_events_cat?post=5251"}],"curies":[{"name":"wp","href":"https:\/\/api.w.org\/{rel}","templated":true}]}}